{"id":964,"date":"2024-03-06T17:17:26","date_gmt":"2024-03-06T16:17:26","guid":{"rendered":"https:\/\/educando.frayluis.com\/committees-and-secretariats\/"},"modified":"2025-07-08T17:10:04","modified_gmt":"2025-07-08T15:10:04","slug":"committees-and-secretariats","status":"publish","type":"page","link":"https:\/\/educando.frayluis.com\/en\/committees-and-secretariats\/","title":{"rendered":"Committees and secretariats"},"content":{"rendered":"<p>[et_pb_section fb_built=&#8221;1&#8243; _builder_version=&#8221;4.24.2&#8243; _module_preset=&#8221;default&#8221; custom_padding=&#8221;0px|||||&#8221; global_colors_info=&#8221;{}&#8221;][et_pb_row _builder_version=&#8221;4.24.2&#8243; _module_preset=&#8221;default&#8221; width=&#8221;100%&#8221; max_width=&#8221;100%&#8221; custom_margin=&#8221;0px|auto||auto|false|false&#8221; custom_padding=&#8221;0px||17px|||&#8221; global_colors_info=&#8221;{}&#8221;][et_pb_column type=&#8221;4_4&#8243; _builder_version=&#8221;4.24.2&#8243; _module_preset=&#8221;default&#8221; global_colors_info=&#8221;{}&#8221;][et_pb_image alt=&#8221;Communications&#8221; title_text=&#8221;Communications&#8221; _builder_version=&#8221;4.24.3&#8243; _module_preset=&#8221;default&#8221; background_color=&#8221;RGBA(255,255,255,0)&#8221; background_image=&#8221;https:\/\/educando.frayluis.com\/wp-content\/uploads\/2024\/03\/5-e1709801968666.png&#8221; background_size=&#8221;stretch&#8221; height=&#8221;1000px&#8221; height_tablet=&#8221;1000px&#8221; height_phone=&#8221;308px&#8221; height_last_edited=&#8221;on|phone&#8221; max_height_tablet=&#8221;&#8221; max_height_phone=&#8221;267px&#8221; max_height_last_edited=&#8221;on|phone&#8221; custom_margin=&#8221;||3px|||&#8221; custom_padding=&#8221;109px||253px|||&#8221; global_colors_info=&#8221;{}&#8221;][\/et_pb_image][et_pb_heading title=&#8221;committees and secretariats&#8221; _builder_version=&#8221;4.24.2&#8243; _module_preset=&#8221;default&#8221; title_font=&#8221;|700||on|||||&#8221; title_text_align=&#8221;center&#8221; title_font_size=&#8221;38px&#8221; custom_margin=&#8221;8px|||||&#8221; custom_padding=&#8221;24px|||||&#8221; title_font_size_tablet=&#8221;38px&#8221; title_font_size_phone=&#8221;26px&#8221; title_font_size_last_edited=&#8221;on|phone&#8221; global_colors_info=&#8221;{}&#8221;][\/et_pb_heading][et_pb_text _builder_version=&#8221;4.24.3&#8243; _module_preset=&#8221;default&#8221; text_font=&#8221;|600|||||||&#8221; text_font_size=&#8221;16px&#8221; text_line_height=&#8221;1.1em&#8221; header_font=&#8221;|600|||||||&#8221; header_3_font_size=&#8221;21px&#8221; custom_margin=&#8221;-42px||5px|||&#8221; custom_margin_tablet=&#8221;-42px||5px|||&#8221; custom_margin_phone=&#8221;-20px||||false|false&#8221; custom_margin_last_edited=&#8221;on|phone&#8221; text_font_tablet=&#8221;|600|||||||&#8221; text_font_phone=&#8221;||||||||&#8221; text_font_last_edited=&#8221;on|phone&#8221; text_font_size_tablet=&#8221;13px&#8221; text_font_size_phone=&#8221;9px&#8221; text_font_size_last_edited=&#8221;on|phone&#8221; header_font_size_tablet=&#8221;&#8221; header_font_size_phone=&#8221;10px&#8221; header_font_size_last_edited=&#8221;on|phone&#8221; header_3_font_size_tablet=&#8221;21px&#8221; header_3_font_size_phone=&#8221;10px&#8221; header_3_font_size_last_edited=&#8221;on|phone&#8221; global_colors_info=&#8221;{}&#8221;]<\/p>\n<h5 class=\"et_pb_module_header\" style=\"text-align: center;\">International Conference of Catholic teacher training university centres<\/h5>\n<p>[\/et_pb_text][\/et_pb_column][\/et_pb_row][et_pb_row _builder_version=&#8221;4.24.2&#8243; _module_preset=&#8221;default&#8221; width=&#8221;90%&#8221; max_width=&#8221;90%&#8221; custom_margin=&#8221;-37px|auto||auto||&#8221; custom_padding=&#8221;10px|||||&#8221; global_colors_info=&#8221;{}&#8221;][et_pb_column type=&#8221;4_4&#8243; _builder_version=&#8221;4.24.2&#8243; _module_preset=&#8221;default&#8221; global_colors_info=&#8221;{}&#8221;][et_pb_blurb title=&#8221;Honor Committee&#8221; use_icon=&#8221;on&#8221; font_icon=&#8221;&#xf559;||fa||900&#8243; icon_color=&#8221;#000000&#8243; image_icon_background_color=&#8221;RGBA(255,255,255,0)&#8221; icon_placement=&#8221;left&#8221; image_icon_width=&#8221;65px&#8221; image_icon_width_tablet=&#8221;65px&#8221; image_icon_width_phone=&#8221;50px&#8221; image_icon_width_last_edited=&#8221;on|phone&#8221; _builder_version=&#8221;4.27.4&#8243; _module_preset=&#8221;default&#8221; header_text_align=&#8221;center&#8221; header_font_size=&#8221;24px&#8221; header_line_height=&#8221;2.4em&#8221; background_color=&#8221;rgba(25,162,196,0.4)&#8221; image_icon_custom_padding=&#8221;2px||||false|false&#8221; custom_margin=&#8221;-1px||15px||false|false&#8221; custom_padding=&#8221;5px||0px||false|false&#8221; border_color_all=&#8221;#0C71C3&#8243; border_width_bottom=&#8221;3px&#8221; border_color_bottom=&#8221;#000000&#8243; global_colors_info=&#8221;{}&#8221;][\/et_pb_blurb][et_pb_text _builder_version=&#8221;4.27.4&#8243; _module_preset=&#8221;default&#8221; text_font_size=&#8221;15px&#8221; text_line_height=&#8221;1.6em&#8221; custom_padding=&#8221;|||10px|false|false&#8221; hover_enabled=&#8221;0&#8243; text_font_size_tablet=&#8221;15px&#8221; text_font_size_phone=&#8221;13px&#8221; text_font_size_last_edited=&#8221;on|phone&#8221; global_colors_info=&#8221;{}&#8221; sticky_enabled=&#8221;0&#8243; text_font=&#8221;ABeeZee||||||||&#8221; custom_margin=&#8221;||40px|||&#8221;]<\/p>\n<div style=\"padding-left: 80px;\"><\/div>\n<p>[\/et_pb_text][et_pb_blurb use_icon=&#8221;on&#8221; font_icon=&#8221;&#xf1ae;||fa||900&#8243; icon_placement=&#8221;left&#8221; image_icon_width=&#8221;30px&#8221; content_max_width=&#8221;1100px&#8221; icon_placement_tablet=&#8221;&#8221; icon_placement_phone=&#8221;left&#8221; icon_placement_last_edited=&#8221;on|phone&#8221; _builder_version=&#8221;4.27.4&#8243; _module_preset=&#8221;default&#8221; header_line_height=&#8221;1.8em&#8221; body_text_align=&#8221;justify&#8221; body_font_size=&#8221;4px&#8221; image_icon_custom_margin=&#8221;0px|0px|0px|0px|false|false&#8221; image_icon_custom_padding=&#8221;0px|0px|0px|0px|false|false&#8221; custom_margin=&#8221;0px|0px|0px|0px|false|false&#8221; custom_margin_tablet=&#8221;0px|0px|0px|0px|false|false&#8221; custom_margin_phone=&#8221;0px|0px|0px|0px|false|false&#8221; custom_margin_last_edited=&#8221;on|desktop&#8221; custom_padding=&#8221;8px|0px|0px|0px|false|false&#8221; hover_enabled=&#8221;0&#8243; global_colors_info=&#8221;{}&#8221; sticky_enabled=&#8221;0&#8243; inline_fonts=&#8221;Cabin&#8221; body_text_color=&#8221;#8F8F8F&#8221; body_font=&#8221;|300|||||||&#8221; background_layout=&#8221;dark&#8221; icon_color=&#8221;#FFFFFF&#8221;]<\/p>\n<p style=\"font-weight: 400;\"><span style=\"color: #000000; font-family: Cabin; font-size: medium; font-weight: normal;\">Excmo. y Rvdmo. D. Luis Javier Arg\u00fcello Garc\u00eda, Arzobispo de Valladolid y presidente de la Conferencia Episcopal Espa\u00f1ola<\/span><br \/><span style=\"color: #000000; font-family: Cabin; font-size: medium; font-weight: normal;\">Excma. Sra. Prof. Dra. D\u00f1a. Inger Enkvist, Catedr\u00e1tica en Letras Hisp\u00e1nicas (Universidad de Lund, Suecia)<\/span><br \/><span style=\"color: #000000; font-family: Cabin; font-size: medium; font-weight: normal;\">Excma. Sra. D\u00f1a. Lydia Jim\u00e9nez Gonz\u00e1lez, presidente del Consejo Directivo de la Universidad Cat\u00f3lica Sta. Teresa de Jes\u00fas de \u00c1vila, del Consejo Directivo de EUM Fray Luis de Le\u00f3n, y presidente de la Fundaci\u00f3n Universitaria Espa\u00f1ola (Espa\u00f1a)<\/span><br \/><span style=\"color: #000000; font-family: Cabin; font-size: medium; font-weight: normal;\">Sra. Prof. Dra. D\u00f1a. Catherine L&#8217;Ecuyer, Directora del Posgrado en Educaci\u00f3n Cl\u00e1sica y Humanidades (Fundaci\u00f3n CLE, Madrid, Espa\u00f1a)<\/span><br \/><span style=\"color: #000000; font-family: Cabin; font-size: medium; font-weight: normal;\">Ilma. Sra. Prof. Dra. D\u00f1a. Mar\u00eda del Carmen Madrid de la Fuente, Directora de la Escuela Universitaria de Magisterio Fray Luis de Le\u00f3n (Valladolid)<\/span><br \/><span style=\"color: #000000; font-family: Cabin; font-size: medium; font-weight: normal;\">Excmo. Sr. Prof. Dr. D. Jos\u00e9 Alfredo Peris (Ex-Rector de la Universidad Cat\u00f3lica de Valencia)<\/span><br \/><span style=\"color: #000000; font-family: Cabin; font-size: medium; font-weight: normal;\">Excmo. Sr. Prof. Dr. D. Jos\u00e9 Tom\u00e1s Raga, Catedr\u00e1tico Em\u00e9rito de Econom\u00eda (Universidad Complutense de Madrid, Espa\u00f1a)<\/span><br \/><span style=\"color: #000000; font-family: Cabin; font-size: medium; font-weight: normal;\">Excma. Sra. Rectora Magfca. Prof. Dra. D\u00f1a. Mar\u00eda del Rosario S\u00e1ez de Yuguero, Rectora de la Universidad Cat\u00f3lica Sta. Teresa de Jes\u00fas (\u00c1vila, Espa\u00f1a)<\/span><br \/><span style=\"color: #000000; font-family: Cabin; font-size: medium; font-weight: normal;\">Sr. Prof. Dr. D. Conrad Vilanou Torrano, Catedr\u00e1tico de Teor\u00eda e Historia de la Educaci\u00f3n (Universidad de Barcelona)<\/span><br \/><span style=\"color: #000000; font-family: Cabin; font-size: medium; font-weight: normal;\">Ilma. Sra. Prof. Dra. D\u00f1a. Carolina Ugarte Artal, Decana de la Facultad de Educaci\u00f3n y Psicolog\u00eda de la Universidad de Navarra<\/span><\/p>\n<p><strong><\/strong><\/p>\n<p>[\/et_pb_blurb][\/et_pb_column][\/et_pb_row][et_pb_row _builder_version=&#8221;4.24.2&#8243; _module_preset=&#8221;default&#8221; width=&#8221;90%&#8221; max_width=&#8221;90%&#8221; global_colors_info=&#8221;{}&#8221; custom_padding=&#8221;23px||0px|||&#8221;][et_pb_column type=&#8221;4_4&#8243; _builder_version=&#8221;4.24.2&#8243; _module_preset=&#8221;default&#8221; global_colors_info=&#8221;{}&#8221;][et_pb_blurb title=&#8221;Scientific Committee&#8221; use_icon=&#8221;on&#8221; font_icon=&#8221;&#xf610;||fa||900&#8243; icon_color=&#8221;#000000&#8243; image_icon_background_color=&#8221;RGBA(255,255,255,0)&#8221; icon_placement=&#8221;left&#8221; image_icon_width=&#8221;65px&#8221; image_icon_width_tablet=&#8221;65px&#8221; image_icon_width_phone=&#8221;53px&#8221; image_icon_width_last_edited=&#8221;on|phone&#8221; _builder_version=&#8221;4.27.4&#8243; _module_preset=&#8221;default&#8221; header_text_align=&#8221;center&#8221; header_font_size=&#8221;32px&#8221; header_line_height=&#8221;2.3em&#8221; background_color=&#8221;rgba(25,162,196,0.4)&#8221; image_icon_custom_padding=&#8221;2px||||false|false&#8221; custom_margin=&#8221;-13px||11px||false|false&#8221; custom_padding=&#8221;5px||0px||false|false&#8221; hover_enabled=&#8221;0&#8243; header_font_size_tablet=&#8221;32px&#8221; header_font_size_phone=&#8221;26px&#8221; header_font_size_last_edited=&#8221;on|phone&#8221; border_color_all=&#8221;#000000&#8243; border_width_bottom=&#8221;4px&#8221; global_colors_info=&#8221;{}&#8221; sticky_enabled=&#8221;0&#8243;][\/et_pb_blurb][\/et_pb_column][\/et_pb_row][et_pb_row _builder_version=&#8221;4.24.2&#8243; _module_preset=&#8221;default&#8221; width=&#8221;90%&#8221; max_width=&#8221;90%&#8221; global_colors_info=&#8221;{}&#8221; custom_padding=&#8221;17px|||||&#8221;][et_pb_column type=&#8221;4_4&#8243; _builder_version=&#8221;4.24.2&#8243; _module_preset=&#8221;default&#8221; global_colors_info=&#8221;{}&#8221;][et_pb_blurb title=&#8221;Education and Anthropology&#8221; use_icon=&#8221;on&#8221; font_icon=&#8221;&#xf1ae;||fa||900&#8243; icon_placement=&#8221;left&#8221; image_icon_width=&#8221;30px&#8221; content_max_width=&#8221;1100px&#8221; icon_placement_tablet=&#8221;&#8221; icon_placement_phone=&#8221;left&#8221; icon_placement_last_edited=&#8221;on|phone&#8221; _builder_version=&#8221;4.27.4&#8243; _module_preset=&#8221;default&#8221; header_line_height=&#8221;1.8em&#8221; body_text_align=&#8221;justify&#8221; body_font_size=&#8221;13px&#8221; body_line_height=&#8221;1.3em&#8221; image_icon_custom_margin=&#8221;0px|0px|0px|0px|false|false&#8221; image_icon_custom_padding=&#8221;0px|0px|0px|0px|false|false&#8221; custom_margin=&#8221;0px|0px|0px|0px|false|false&#8221; custom_margin_tablet=&#8221;0px|0px|0px|0px|false|false&#8221; custom_margin_phone=&#8221;0px|0px|0px|0px|false|false&#8221; custom_margin_last_edited=&#8221;on|desktop&#8221; custom_padding=&#8221;0px|0px|0px|0px|false|false&#8221; hover_enabled=&#8221;0&#8243; global_colors_info=&#8221;{}&#8221; sticky_enabled=&#8221;0&#8243;]<\/p>\n<p style=\"font-weight: 400;\"><strong>Coordinator<\/strong> &#8211; Prof. Dra. Ms Nieves Barahona Esteban (EUM Fray Luis de Le\u00f3n, Valladolid, Spain)<\/p>\n<p style=\"font-weight: 400; padding-left: 40px;\">Prof. Dr. Ms M\u00aa Teresa Cid V\u00e1zquez (Universidad CEU San Pablo, Madrid, Spain)<\/p>\n<p style=\"font-weight: 400; padding-left: 40px;\">Prof. Dr. D. Rafael Fayos Febrer (Universidad CEU Cardenal Herrera, Valencia, Spain)<\/p>\n<p style=\"font-weight: 400; padding-left: 40px;\">Prof. Dr. Ms Marcela Jim\u00e9nez Unquiles (Universidad Cat\u00f3lica Sta. Teresa de Jes\u00fas, \u00c1vila, Spain)<\/p>\n<p style=\"font-weight: 400; padding-left: 40px;\">Prof. Dr. Ms Marisa Pro Velasco (John Henry Newman Chair, Universidad Cat\u00f3lica Sta. Teresa de Jes\u00fas, \u00c1vila, Spain)<\/p>\n<p style=\"font-weight: 400; padding-left: 40px;\">Prof. Dr. Ms M\u00aa Alicia Rodrigo Fern\u00e1ndez <span>(Research Group &#8220;Hermeneutics, technique and Gnosticism, the person and its challenges&#8221; of the Faculty of Philosophy of the San D\u00e1maso Ecclesiastical University, Madrid, Spain).<\/span><\/p>\n<p style=\"font-weight: 400; padding-left: 40px;\">Ilmo. Mr. Prof. Dr. Carlos Andr\u00e9s Rold\u00e1n S\u00e1nchez, Dean of the Faculty of Humanities and Ecclesiastical Sciences (Fundaci\u00f3n Universitaria Cat\u00f3lica del Norte, Medell\u00edn, Colombia)<\/p>\n<p><strong><\/strong><\/p>\n<p>[\/et_pb_blurb][et_pb_blurb title=&#8221;Pedagogy of Faith in the university&#8221; use_icon=&#8221;on&#8221; font_icon=&#8221;&#xf654;||fa||900&#8243; icon_placement=&#8221;left&#8221; image_icon_width=&#8221;35px&#8221; content_max_width=&#8221;1100px&#8221; _builder_version=&#8221;4.27.4&#8243; _module_preset=&#8221;default&#8221; body_text_align=&#8221;justify&#8221; body_font_size=&#8221;13px&#8221; body_line_height=&#8221;1.4em&#8221; custom_padding=&#8221;16px|||||&#8221; hover_enabled=&#8221;0&#8243; global_colors_info=&#8221;{}&#8221; sticky_enabled=&#8221;0&#8243;]<\/p>\n<p style=\"font-weight: 400;\"><strong>Coordinator<\/strong> &#8211; Prof. Dr. D. \u00c1lvaro Ant\u00f3n Sancho (Academic Secretary EUM Fray Luis de Le\u00f3n, Valladolid)<\/p>\n<p style=\"font-weight: 400; padding-left: 40px;\">Prof. Dr. D. Juan Arg\u00fcello S\u00e1nchez (Seminario Menor, Valladolid, Spain)<\/p>\n<p style=\"font-weight: 400; padding-left: 40px;\">Prof. Dr. Ms Catherine Declercq (Universidad Cat\u00f3lica Sta. Teresa de Jes\u00fas, \u00c1vila, Spain)<\/p>\n<p style=\"font-weight: 400; padding-left: 40px;\">Prof. Dr. Ms M\u00aa Eugenia G\u00f3mez Sierra (Universidad Complutense de Madrid, Spain)<\/p>\n<p style=\"font-weight: 400; padding-left: 40px;\">Prof. Dr. D. Luis Carlos Hern\u00e1ndez Herrero (Universidad Cat\u00f3lica Sta. Teresa de Jes\u00fas, \u00c1vila, Spain)<\/p>\n<p style=\"font-weight: 400; padding-left: 40px;\">Prof. D. Fernando Mart\u00edn Herr\u00e1ez (Universidad Cat\u00f3lica Sta. Teresa de Jes\u00fas, \u00c1vila, Spain)<\/p>\n<p style=\"font-weight: 400;\">[\/et_pb_blurb][et_pb_blurb title=&#8221;Theory and History of Catholic Education&#8221; use_icon=&#8221;on&#8221; font_icon=&#8221;&#xf5da;||fa||900&#8243; icon_placement=&#8221;left&#8221; image_icon_width=&#8221;35px&#8221; content_max_width=&#8221;1100px&#8221; _builder_version=&#8221;4.25.2&#8243; _module_preset=&#8221;default&#8221; body_text_align=&#8221;justify&#8221; body_font_size=&#8221;13px&#8221; body_line_height=&#8221;1.4em&#8221; custom_margin=&#8221;-10px|0px|0px|0px|false|false&#8221; custom_padding=&#8221;0px|0px|0px|0px|false|false&#8221; global_colors_info=&#8221;{}&#8221;]<\/p>\n<p style=\"font-weight: 400;\"><strong>Coordinator<\/strong> &#8211; Prof. Dra. Ms Paloma No Guti\u00e9rrez (EUM Fray Luis de Le\u00f3n, Valladolid, Spain)<\/p>\n<p style=\"font-weight: 400; padding-left: 40px;\">Hon. Prof. Dr. Ms M\u00aa Jes\u00fas Ayuso Manso (Director of the Centro Universitario de Magisterio CEU San Pablo, Vigo, Spain)<\/p>\n<p style=\"font-weight: 400; padding-left: 40px;\">Prof. Dr. Ms Amelia Barrientos Fern\u00e1ndez (Universidad Cat\u00f3lica Sta. Teresa de Jes\u00fas, \u00c1vila, Spain)<\/p>\n<p style=\"font-weight: 400; padding-left: 40px;\">Prof. Prof. Dr. Ms M\u00aa Bego\u00f1a Lafuente Nafr\u00edas, Vice Rector of Teaching Staff and Quality (Universidad Cat\u00f3lica Sta. Teresa de Jes\u00fas, \u00c1vila, Spain)<\/p>\n<p style=\"font-weight: 400; padding-left: 40px;\">Prof. Dr. Ms M\u00aa Teresa Garc\u00eda Pinto (EUM Fray Luis de Le\u00f3n, Valladolid, Spain)<\/p>\n<p style=\"font-weight: 400; padding-left: 40px;\">Prof. Dr. Ms Teresa de Jes\u00fas Gonz\u00e1lez Barbero (Universidad Cat\u00f3lica Sta. Teresa de Jes\u00fas de \u00c1vila, Spain)<\/p>\n<p style=\"font-weight: 400; padding-left: 40px;\">Prof. Dr. Ms Alejandra Pe\u00f1acoba Arribas (Coordinator of the Benedict XVI Center for Theological Studies, Faculty of Humanities and Ecclesiastical Sciences, Fundaci\u00f3n Universitaria Cat\u00f3lica del Norte, Medell\u00edn, Colombia).<\/p>\n<p style=\"font-weight: 400;\">[\/et_pb_blurb][et_pb_blurb title=&#8221;Formation of Trainers&#8221; use_icon=&#8221;on&#8221; font_icon=&#8221;&#xf51c;||fa||900&#8243; icon_placement=&#8221;left&#8221; image_icon_width=&#8221;35px&#8221; content_max_width=&#8221;1100px&#8221; _builder_version=&#8221;4.25.2&#8243; _module_preset=&#8221;default&#8221; body_text_align=&#8221;justify&#8221; body_font_size=&#8221;13px&#8221; body_line_height=&#8221;1.4em&#8221; custom_margin=&#8221;-10px||0px||false|false&#8221; custom_padding=&#8221;29px||0px|||&#8221; global_colors_info=&#8221;{}&#8221;]<\/p>\n<p style=\"font-weight: 400;\"><strong>Coordinator<\/strong> &#8211; Prof. Dra. Ana Isabel Mu\u00f1oz Alc\u00f3n (Universidad Cat\u00f3lica Sta. Teresa de Jes\u00fas, \u00c1vila, Spain)<\/p>\n<p style=\"font-weight: 400; padding-left: 40px;\">Prof. Dr. D. Guillermo Gonzalez Pascual (EUM Fray Luis de Leon, Valladolid, Spain)<\/p>\n<p style=\"font-weight: 400; padding-left: 40px;\">Prof. Dr. D. F\u00e9lix Hern\u00e1ndez Merch\u00e1n (EUM Fray Luis de Le\u00f3n, Valladolid, Spain)<\/p>\n<p style=\"font-weight: 400; padding-left: 40px;\">Prof. Dr. Ms M\u00aa \u00c1ngeles Mart\u00edn del Pozo (University of Valladolid, Spain)<\/p>\n<p style=\"font-weight: 400; padding-left: 40px;\">Prof. Dr. Ms Mar\u00eda Nieto Sobrino (Universidad Cat\u00f3lica Sta. Teresa de Jes\u00fas, \u00c1vila, Spain)<\/p>\n<p style=\"font-weight: 400; padding-left: 40px;\">Prof. Dr. Ms Sagrario Ortiz N\u00fa\u00f1ez (Universidad Pontificia Bolivariana, Medell\u00edn, Colombia)<\/p>\n<p style=\"font-weight: 400; padding-left: 40px;\">Ilmo. Prof. Dr. D. Fernando Romera Gal\u00e1n (Universidad Cat\u00f3lica Sta. Teresa de Jes\u00fas, \u00c1vila, Spain)<\/p>\n<p style=\"font-weight: 400; padding-left: 40px;\">Prof. Dr. Mrs. Inmaculada Sanz Mateos (EUM Fray Luis de Le\u00f3n, Valladolid, Spain) <\/p>\n<p style=\"font-weight: 400;\">[\/et_pb_blurb][\/et_pb_column][\/et_pb_row][et_pb_row _builder_version=&#8221;4.24.2&#8243; _module_preset=&#8221;default&#8221; width=&#8221;90%&#8221; max_width=&#8221;90%&#8221; custom_margin=&#8221;-37px|auto||auto||&#8221; custom_padding=&#8221;30px|||||&#8221; global_colors_info=&#8221;{}&#8221;][et_pb_column type=&#8221;4_4&#8243; _builder_version=&#8221;4.24.2&#8243; _module_preset=&#8221;default&#8221; global_colors_info=&#8221;{}&#8221;][et_pb_blurb title=&#8221;Translation Committee&#8221; use_icon=&#8221;on&#8221; font_icon=&#8221;&#xf559;||fa||900&#8243; icon_color=&#8221;#000000&#8243; image_icon_background_color=&#8221;RGBA(255,255,255,0)&#8221; icon_placement=&#8221;left&#8221; image_icon_width=&#8221;65px&#8221; image_icon_width_tablet=&#8221;65px&#8221; image_icon_width_phone=&#8221;50px&#8221; image_icon_width_last_edited=&#8221;on|phone&#8221; _builder_version=&#8221;4.24.3&#8243; _module_preset=&#8221;default&#8221; header_text_align=&#8221;center&#8221; header_font_size=&#8221;24px&#8221; header_line_height=&#8221;2.4em&#8221; background_color=&#8221;rgba(25,162,196,0.4)&#8221; image_icon_custom_padding=&#8221;2px||||false|false&#8221; custom_margin=&#8221;-21px||15px||false|false&#8221; custom_padding=&#8221;5px||0px||false|false&#8221; border_color_all=&#8221;#0C71C3&#8243; border_width_bottom=&#8221;3px&#8221; border_color_bottom=&#8221;#000000&#8243; global_colors_info=&#8221;{}&#8221;][\/et_pb_blurb][et_pb_text _builder_version=&#8221;4.24.3&#8243; _module_preset=&#8221;default&#8221; text_font_size=&#8221;15px&#8221; text_line_height=&#8221;1.9em&#8221; custom_padding=&#8221;|||10px|false|false&#8221; text_font_size_tablet=&#8221;15px&#8221; text_font_size_phone=&#8221;13px&#8221; text_font_size_last_edited=&#8221;on|phone&#8221; global_colors_info=&#8221;{}&#8221;]<\/p>\n<p>&nbsp;<\/p>\n<div>\n<p>Prof. Dr. Mr. Charlie Jorge Fern\u00e1ndez (University of the Balearic Islands, Palma de Mallorca)<\/p>\n<div>Prof. Dr. Mr Eduardo Tasis Moratinos (EUM Fray Luis de Le\u00f3n, Valladolid)<\/div>\n<div>Prof. Mrs Patricia Guti\u00e9rrez Moral (EUM Fray Luis de Le\u00f3n, Valladolid) <\/div>\n<div>Prof. Mrs Radoslava Stankova Laykova (EUM Fray Luis de Le\u00f3n, Valladolid) <\/div>\n<div>Ms Sof\u00eda N\u00fa\u00f1ez Mandell (Edith Stein Archive of Cologne, Germany) <\/div>\n<\/div>\n<p>[\/et_pb_text][\/et_pb_column][\/et_pb_row][et_pb_row _builder_version=&#8221;4.24.2&#8243; _module_preset=&#8221;default&#8221; width=&#8221;90%&#8221; max_width=&#8221;90%&#8221; custom_margin=&#8221;1px|auto||auto||&#8221; global_colors_info=&#8221;{}&#8221;][et_pb_column type=&#8221;4_4&#8243; _builder_version=&#8221;4.24.2&#8243; _module_preset=&#8221;default&#8221; global_colors_info=&#8221;{}&#8221;][et_pb_blurb title=&#8221;Technical Secretariat&#8221; use_icon=&#8221;on&#8221; font_icon=&#8221;&#xf26c;||fa||900&#8243; icon_color=&#8221;#000000&#8243; image_icon_background_color=&#8221;RGBA(255,255,255,0)&#8221; icon_placement=&#8221;left&#8221; image_icon_width=&#8221;50px&#8221; image_icon_width_tablet=&#8221;50px&#8221; image_icon_width_phone=&#8221;35px&#8221; image_icon_width_last_edited=&#8221;on|phone&#8221; _builder_version=&#8221;4.24.3&#8243; _module_preset=&#8221;default&#8221; header_text_align=&#8221;center&#8221; header_font_size=&#8221;30px&#8221; header_line_height=&#8221;1.4em&#8221; use_background_color_gradient=&#8221;on&#8221; background_color_gradient_direction=&#8221;90deg&#8221; background_color_gradient_stops=&#8221;#ffffff 0%|#8f8f8f 100%&#8221; image_icon_custom_padding=&#8221;2px||||false|false&#8221; custom_margin=&#8221;-18px||19px||false|false&#8221; custom_padding=&#8221;5px||5px||false|false&#8221; header_font_size_tablet=&#8221;30px&#8221; header_font_size_phone=&#8221;25px&#8221; header_font_size_last_edited=&#8221;on|phone&#8221; body_font_size_tablet=&#8221;&#8221; body_font_size_phone=&#8221;13px&#8221; body_font_size_last_edited=&#8221;on|phone&#8221; border_color_all=&#8221;#000000&#8243; border_width_bottom=&#8221;3px&#8221; global_colors_info=&#8221;{}&#8221;][\/et_pb_blurb][et_pb_text _builder_version=&#8221;4.24.2&#8243; _module_preset=&#8221;default&#8221; text_font_size=&#8221;15px&#8221; custom_padding=&#8221;7px|||||&#8221; global_colors_info=&#8221;{}&#8221;]<\/p>\n<p>Executive management and data processing: Prof. Dr. Ms M\u00aa Consuelo Garc\u00eda Cuesta (EUM Fray Luis de Le\u00f3n, Valladolid)  <\/p>\n<p>Post-production and administrative secretariat: Ms Johanna Katherine Carbo Montes (EUM Fray Luis de Le\u00f3n) <\/p>\n<p>Post-production and administrative secretariat: Ms Elizabeth C\u00e1rdenas Urrego (EUM Fray Luis de Le\u00f3n) <\/p>\n<p>[\/et_pb_text][\/et_pb_column][\/et_pb_row][\/et_pb_section][et_pb_section fb_built=&#8221;1&#8243; admin_label=&#8221;Footer&#8221; _builder_version=&#8221;4.24.3&#8243; _module_preset=&#8221;default&#8221; background_color=&#8221;#000000&#8243; custom_margin=&#8221;||||false|false&#8221; global_module=&#8221;527&#8243; saved_tabs=&#8221;all&#8221; global_colors_info=&#8221;{}&#8221;][et_pb_row column_structure=&#8221;1_4,1_4,1_4,1_4&#8243; use_custom_gutter=&#8221;on&#8221; gutter_width=&#8221;1&#8243; make_equal=&#8221;on&#8221; _builder_version=&#8221;4.24.2&#8243; _module_preset=&#8221;default&#8221; max_width=&#8221;1440px&#8221; custom_margin=&#8221;-80px||||false|false&#8221; custom_padding=&#8221;0px||0px||false|false&#8221; global_colors_info=&#8221;{}&#8221;][et_pb_column type=&#8221;1_4&#8243; _builder_version=&#8221;4.24.2&#8243; _module_preset=&#8221;default&#8221; background_color=&#8221;#F0B800&#8243; background_image=&#8221;https:\/\/educando.frayluis.com\/wp-content\/uploads\/2024\/02\/high-school_17.png&#8221; background_size=&#8221;initial&#8221; background_position=&#8221;top_right&#8221; background_repeat=&#8221;repeat-y&#8221; custom_padding=&#8221;0px|0px|0px|0px|true|false&#8221; custom_padding_tablet=&#8221;40px||40px||true|false&#8221; custom_padding_phone=&#8221;30px|20px|30px|20px|true|true&#8221; custom_padding_last_edited=&#8221;off|desktop&#8221; global_colors_info=&#8221;{}&#8221;][et_pb_text _builder_version=&#8221;4.24.3&#8243; _module_preset=&#8221;5c989a74-8649-4b9a-a4a2-6d2b8ae2551c&#8221; text_text_color=&#8221;#E02B20&#8243; text_font_size=&#8221;16px&#8221; header_text_color=&#8221;#000000&#8243; header_4_font=&#8221;Roboto|700||on|||||&#8221; header_4_text_color=&#8221;rgba(255,255,255,0.5)&#8221; header_4_font_size=&#8221;12px&#8221; header_4_letter_spacing=&#8221;3px&#8221; header_4_line_height=&#8221;1.5em&#8221; custom_margin=&#8221;20px||0px||false|false&#8221; custom_margin_tablet=&#8221;30px||||false|false&#8221; custom_margin_phone=&#8221;20px||||false|false&#8221; custom_margin_last_edited=&#8221;off|desktop&#8221; custom_padding=&#8221;20px|||20px|false|false&#8221; locked=&#8221;off&#8221; global_colors_info=&#8221;{}&#8221;]<\/p>\n<h4><span style=\"color: #ffffff;\">Office hours <\/span><\/h4>\n<p>[\/et_pb_text][et_pb_text _builder_version=&#8221;4.24.2&#8243; _module_preset=&#8221;c2a3d585-c259-4e5a-8faa-710c0e634348&#8243; text_font=&#8221;Roboto|500|||||||&#8221; text_text_color=&#8221;#000000&#8243; text_font_size=&#8221;16px&#8221; text_line_height=&#8221;1.6em&#8221; header_5_text_color=&#8221;#FFFFFF&#8221; header_5_line_height=&#8221;1.8em&#8221; custom_padding=&#8221;20px||20px|20px|false|false&#8221; text_font_size_tablet=&#8221;15px&#8221; text_font_size_phone=&#8221;14px&#8221; text_font_size_last_edited=&#8221;on|desktop&#8221; header_font_size_tablet=&#8221;55px&#8221; header_font_size_last_edited=&#8221;off|desktop&#8221; locked=&#8221;off&#8221; global_colors_info=&#8221;{}&#8221;]<\/p>\n<p>Monday to Friday from 8:00 a.m. to 8:00 p.m.<\/p>\n<p>[\/et_pb_text][\/et_pb_column][et_pb_column type=&#8221;1_4&#8243; _builder_version=&#8221;4.24.2&#8243; _module_preset=&#8221;default&#8221; background_color=&#8221;#F77E98&#8243; background_image=&#8221;https:\/\/educando.frayluis.com\/wp-content\/uploads\/2024\/02\/high-school_17.png&#8221; background_size=&#8221;initial&#8221; background_position=&#8221;top_right&#8221; background_repeat=&#8221;repeat-y&#8221; custom_padding=&#8221;40px|40px|40px|20px|true|false&#8221; global_colors_info=&#8221;{}&#8221;][et_pb_text _builder_version=&#8221;4.24.3&#8243; _module_preset=&#8221;5c989a74-8649-4b9a-a4a2-6d2b8ae2551c&#8221; text_font_size=&#8221;17px&#8221; header_4_font=&#8221;Roboto|700||on|||||&#8221; header_4_text_color=&#8221;rgba(255,255,255,0.5)&#8221; header_4_font_size=&#8221;12px&#8221; header_4_letter_spacing=&#8221;3px&#8221; header_4_line_height=&#8221;1.5em&#8221; background_layout=&#8221;dark&#8221; custom_margin=&#8221;||-34px||false|false&#8221; custom_padding=&#8221;1px||20px|20px|false|false&#8221; locked=&#8221;off&#8221; global_colors_info=&#8221;{}&#8221;]<\/p>\n<h4><span style=\"color: #ffffff;\">Address<\/span><\/h4>\n<p>[\/et_pb_text][et_pb_text _builder_version=&#8221;4.24.3&#8243; _module_preset=&#8221;c2a3d585-c259-4e5a-8faa-710c0e634348&#8243; text_font=&#8221;Roboto|500|||||||&#8221; text_text_color=&#8221;#000000&#8243; text_font_size=&#8221;16px&#8221; text_line_height=&#8221;1em&#8221; header_text_color=&#8221;#000000&#8243; header_5_text_color=&#8221;#FFFFFF&#8221; header_5_line_height=&#8221;1.8em&#8221; custom_margin=&#8221;-13px||-35px||false|false&#8221; custom_padding=&#8221;20px||20px||false|false&#8221; text_font_size_tablet=&#8221;15px&#8221; text_font_size_phone=&#8221;14px&#8221; text_font_size_last_edited=&#8221;on|desktop&#8221; header_font_size_tablet=&#8221;55px&#8221; header_font_size_last_edited=&#8221;off|desktop&#8221; locked=&#8221;off&#8221; global_colors_info=&#8221;{}&#8221;]<\/p>\n<p>Tirso de Molina 44<\/p>\n<p>47010 Valladolid<\/p>\n<p>Spain<\/p>\n<p>[\/et_pb_text][\/et_pb_column][et_pb_column type=&#8221;1_4&#8243; _builder_version=&#8221;4.24.2&#8243; _module_preset=&#8221;default&#8221; background_color=&#8221;#0DA0C5&#8243; background_image=&#8221;https:\/\/educando.frayluis.com\/wp-content\/uploads\/2024\/02\/high-school_17.png&#8221; background_size=&#8221;initial&#8221; background_position=&#8221;top_right&#8221; background_repeat=&#8221;repeat-y&#8221; custom_padding=&#8221;0px|0px|0px|0px|true|false&#8221; global_colors_info=&#8221;{}&#8221;][et_pb_text _builder_version=&#8221;4.24.3&#8243; _module_preset=&#8221;5c989a74-8649-4b9a-a4a2-6d2b8ae2551c&#8221; text_font_size=&#8221;17px&#8221; header_4_font=&#8221;Roboto|700||on|||||&#8221; header_4_text_color=&#8221;rgba(255,255,255,0.5)&#8221; header_4_font_size=&#8221;12px&#8221; header_4_letter_spacing=&#8221;3px&#8221; header_4_line_height=&#8221;1.5em&#8221; background_layout=&#8221;dark&#8221; custom_margin=&#8221;||-34px||false|false&#8221; custom_padding=&#8221;40px||20px|20px|false|false&#8221; locked=&#8221;off&#8221; global_colors_info=&#8221;{}&#8221;]<\/p>\n<h4><span style=\"color: #ffffff;\">Contact email<\/span><\/h4>\n<p>[\/et_pb_text][et_pb_text admin_label=&#8221;Texto&#8221; _builder_version=&#8221;4.24.2&#8243; _module_preset=&#8221;c2a3d585-c259-4e5a-8faa-710c0e634348&#8243; text_font=&#8221;Roboto|500|||||||&#8221; text_text_color=&#8221;#000000&#8243; text_font_size=&#8221;16px&#8221; text_line_height=&#8221;1.6em&#8221; link_text_color=&#8221;#FFFFFF&#8221; header_text_color=&#8221;#000000&#8243; header_5_text_color=&#8221;#FFFFFF&#8221; header_5_line_height=&#8221;1.8em&#8221; custom_margin=&#8221;20px||||false|false&#8221; custom_padding=&#8221;20px||20px|2px|false|false&#8221; text_font_size_tablet=&#8221;15px&#8221; text_font_size_phone=&#8221;14px&#8221; text_font_size_last_edited=&#8221;on|desktop&#8221; header_font_size_tablet=&#8221;55px&#8221; header_font_size_last_edited=&#8221;off|desktop&#8221; locked=&#8221;off&#8221; global_colors_info=&#8221;{}&#8221;]<\/p>\n<p style=\"text-align: center;\">educando@frayluis.com<\/p>\n<p>[\/et_pb_text][\/et_pb_column][et_pb_column type=&#8221;1_4&#8243; _builder_version=&#8221;4.24.2&#8243; _module_preset=&#8221;default&#8221; background_color=&#8221;#36A6A6&#8243; background_image=&#8221;https:\/\/educando.frayluis.com\/wp-content\/uploads\/2024\/02\/high-school_17.png&#8221; background_size=&#8221;initial&#8221; background_position=&#8221;top_right&#8221; background_repeat=&#8221;repeat-y&#8221; custom_padding=&#8221;20px|20px|20px|20px|true|false&#8221; global_colors_info=&#8221;{}&#8221;][et_pb_text _builder_version=&#8221;4.24.3&#8243; _module_preset=&#8221;5c989a74-8649-4b9a-a4a2-6d2b8ae2551c&#8221; text_text_color=&#8221;#FFFFFF&#8221; header_4_font=&#8221;Roboto|700||on|||||&#8221; header_4_text_color=&#8221;rgba(255,255,255,0.5)&#8221; header_4_font_size=&#8221;12px&#8221; header_4_letter_spacing=&#8221;3px&#8221; header_4_line_height=&#8221;1.5em&#8221; custom_margin=&#8221;||0px||false|false&#8221; custom_margin_last_edited=&#8221;off|desktop&#8221; custom_padding=&#8221;20px||0px|20px|false|false&#8221; locked=&#8221;off&#8221; global_colors_info=&#8221;{}&#8221;]<\/p>\n<h4><span style=\"color: #ffffff;\">Contact phone<\/span><\/h4>\n<p>[\/et_pb_text][et_pb_text _builder_version=&#8221;4.24.3&#8243; _module_preset=&#8221;c2a3d585-c259-4e5a-8faa-710c0e634348&#8243; text_font=&#8221;Roboto|500|||||||&#8221; text_text_color=&#8221;#000000&#8243; text_font_size=&#8221;16px&#8221; text_line_height=&#8221;1.6em&#8221; link_text_color=&#8221;#FFFFFF&#8221; header_5_text_color=&#8221;#FFFFFF&#8221; header_5_line_height=&#8221;1.8em&#8221; custom_padding=&#8221;20px||||false|false&#8221; text_font_size_tablet=&#8221;15px&#8221; text_font_size_phone=&#8221;14px&#8221; text_font_size_last_edited=&#8221;on|desktop&#8221; header_font_size_tablet=&#8221;55px&#8221; header_font_size_last_edited=&#8221;off|desktop&#8221; locked=&#8221;off&#8221; global_colors_info=&#8221;{}&#8221;]<\/p>\n<p style=\"text-align: center;\"><strong>697505646<\/strong><\/p>\n<p>[\/et_pb_text][\/et_pb_column][\/et_pb_row][et_pb_row column_structure=&#8221;1_5,1_5,1_5,1_5,1_5&#8243; use_custom_gutter=&#8221;on&#8221; gutter_width=&#8221;1&#8243; _builder_version=&#8221;4.24.2&#8243; _module_preset=&#8221;default&#8221; width=&#8221;100%&#8221; max_width=&#8221;100%&#8221; custom_margin=&#8221;-4px|auto||auto||&#8221; custom_padding=&#8221;|5px||5px|false|false&#8221; global_colors_info=&#8221;{}&#8221;][et_pb_column type=&#8221;1_5&#8243; _builder_version=&#8221;4.16&#8243; _module_preset=&#8221;default&#8221; global_colors_info=&#8221;{}&#8221;][et_pb_image src=&#8221;https:\/\/educando.frayluis.com\/wp-content\/uploads\/2024\/03\/01-Logomarca-UCAV-blanco-rojo-e1709988741369.png&#8221; alt=&#8221;logo_UCAVILA&#8221; title_text=&#8221;01 &#8211; UCAV logo &#8211; white red&#8221; align=&#8221;center&#8221; _builder_version=&#8221;4.24.2&#8243; _module_preset=&#8221;default&#8221; max_height=&#8221;189px&#8221; global_colors_info=&#8221;{}&#8221;][\/et_pb_image][\/et_pb_column][et_pb_column type=&#8221;1_5&#8243; _builder_version=&#8221;4.16&#8243; _module_preset=&#8221;default&#8221; global_colors_info=&#8221;{}&#8221;][et_pb_image src=&#8221;https:\/\/educando.frayluis.com\/wp-content\/uploads\/2024\/03\/logoalbino2-e1709988777423.png&#8221; alt=&#8221;logo_FrayLuis&#8221; title_text=&#8221;logoalbino2&#8243; align=&#8221;center&#8221; _builder_version=&#8221;4.24.2&#8243; _module_preset=&#8221;default&#8221; global_colors_info=&#8221;{}&#8221;][\/et_pb_image][\/et_pb_column][et_pb_column type=&#8221;1_5&#8243; _builder_version=&#8221;4.16&#8243; _module_preset=&#8221;default&#8221; global_colors_info=&#8221;{}&#8221;][et_pb_image src=&#8221;https:\/\/educando.frayluis.com\/wp-content\/uploads\/2024\/04\/educando-2-e1713108193707.png&#8221; title_text=&#8221;educando (1)&#8221; align=&#8221;center&#8221; _builder_version=&#8221;4.24.3&#8243; _module_preset=&#8221;default&#8221; custom_margin=&#8221;||2px|||&#8221; global_colors_info=&#8221;{}&#8221;][\/et_pb_image][\/et_pb_column][et_pb_column type=&#8221;1_5&#8243; _builder_version=&#8221;4.16&#8243; _module_preset=&#8221;default&#8221; global_colors_info=&#8221;{}&#8221;][et_pb_image src=&#8221;https:\/\/educando.frayluis.com\/wp-content\/uploads\/2024\/11\/caja-rural-salamanca_1.png&#8221; title_text=&#8221;caja-rural-salamanca_1&#8243; align=&#8221;center&#8221; _builder_version=&#8221;4.25.2&#8243; _module_preset=&#8221;default&#8221; width=&#8221;44.5%&#8221; custom_margin=&#8221;||-82px|||&#8221; custom_padding=&#8221;55px|||||&#8221; global_colors_info=&#8221;{}&#8221;][\/et_pb_image][\/et_pb_column][et_pb_column type=&#8221;1_5&#8243; _builder_version=&#8221;4.16&#8243; _module_preset=&#8221;default&#8221; global_colors_info=&#8221;{}&#8221;][et_pb_image src=&#8221;https:\/\/educando.frayluis.com\/wp-content\/uploads\/2024\/04\/Captura-de-pantalla-2024-04-08-183953.png&#8221; title_text=&#8221;Captura de pantalla 2024-04-08 183953&#8243; align=&#8221;center&#8221; _builder_version=&#8221;4.27.4&#8243; _module_preset=&#8221;default&#8221; width=&#8221;44.5%&#8221; custom_margin=&#8221;||-89px|||&#8221; custom_padding=&#8221;55px|||||&#8221; global_colors_info=&#8221;{}&#8221;][\/et_pb_image][\/et_pb_column][\/et_pb_row][et_pb_row _builder_version=&#8221;4.24.2&#8243; _module_preset=&#8221;default&#8221; width=&#8221;90%&#8221; max_width=&#8221;90%&#8221; custom_padding=&#8221;0px|||||&#8221; global_colors_info=&#8221;{}&#8221;][et_pb_column type=&#8221;4_4&#8243; _builder_version=&#8221;4.24.2&#8243; _module_preset=&#8221;default&#8221; global_colors_info=&#8221;{}&#8221;][et_pb_text _builder_version=&#8221;4.24.3&#8243; _module_preset=&#8221;default&#8221; text_font_size=&#8221;14px&#8221; background_enable_image=&#8221;off&#8221; text_orientation=&#8221;center&#8221; custom_margin=&#8221;4px|||||&#8221; global_colors_info=&#8221;{}&#8221;]<\/p>\n<p><span style=\"color: #00ffff;\"><a href=\"https:\/\/congresoedithsteinavila.es\/wp-content\/uploads\/2022\/11\/Aviso_Legal.pdf\" target=\"_blank\" rel=\"noopener\" style=\"color: #00ffff;\">Legal Notice<\/a> \/ <a href=\"https:\/\/congresoedithsteinavila.es\/wp-content\/uploads\/2022\/11\/PoliticaPrivacidad.pdf\" target=\"_blank\" rel=\"noopener\" style=\"color: #00ffff;\">Privacy Policy<\/a> \/ <a href=\"https:\/\/congresoedithsteinavila.es\/wp-content\/uploads\/2022\/11\/Politica-de-Cookies.pdf\" target=\"_blank\" rel=\"noopener\" style=\"color: #00ffff;\">Cookie Policy<\/a><\/span><\/p>\n<p>[\/et_pb_text][\/et_pb_column][\/et_pb_row][\/et_pb_section]<\/p>\n","protected":false},"excerpt":{"rendered":"<p>International Conference of Catholic teacher training university centresExcmo. y Rvdmo. D. Luis Javier Arg\u00fcello Garc\u00eda, Arzobispo de Valladolid y presidente de la Conferencia Episcopal Espa\u00f1olaExcma. Sra. Prof. Dra. D\u00f1a. Inger Enkvist, Catedr\u00e1tica en Letras Hisp\u00e1nicas (Universidad de Lund, Suecia)Excma. Sra. D\u00f1a. Lydia Jim\u00e9nez Gonz\u00e1lez, presidente del Consejo Directivo de la Universidad Cat\u00f3lica Sta. Teresa de [&hellip;]<\/p>\n","protected":false},"author":1,"featured_media":0,"parent":0,"menu_order":0,"comment_status":"closed","ping_status":"closed","template":"","meta":{"_et_pb_use_builder":"on","_et_pb_old_content":"","_et_gb_content_width":"","footnotes":""},"class_list":["post-964","page","type-page","status-publish","hentry"],"aioseo_notices":[],"_links":{"self":[{"href":"https:\/\/educando.frayluis.com\/en\/wp-json\/wp\/v2\/pages\/964","targetHints":{"allow":["GET"]}}],"collection":[{"href":"https:\/\/educando.frayluis.com\/en\/wp-json\/wp\/v2\/pages"}],"about":[{"href":"https:\/\/educando.frayluis.com\/en\/wp-json\/wp\/v2\/types\/page"}],"author":[{"embeddable":true,"href":"https:\/\/educando.frayluis.com\/en\/wp-json\/wp\/v2\/users\/1"}],"replies":[{"embeddable":true,"href":"https:\/\/educando.frayluis.com\/en\/wp-json\/wp\/v2\/comments?post=964"}],"version-history":[{"count":53,"href":"https:\/\/educando.frayluis.com\/en\/wp-json\/wp\/v2\/pages\/964\/revisions"}],"predecessor-version":[{"id":2961,"href":"https:\/\/educando.frayluis.com\/en\/wp-json\/wp\/v2\/pages\/964\/revisions\/2961"}],"wp:attachment":[{"href":"https:\/\/educando.frayluis.com\/en\/wp-json\/wp\/v2\/media?parent=964"}],"curies":[{"name":"wp","href":"https:\/\/api.w.org\/{rel}","templated":true}]}}