{"id":975,"date":"2024-03-04T12:36:09","date_gmt":"2024-03-04T11:36:09","guid":{"rendered":"https:\/\/educando.frayluis.com\/program\/"},"modified":"2025-07-01T18:22:29","modified_gmt":"2025-07-01T16:22:29","slug":"program","status":"publish","type":"page","link":"https:\/\/educando.frayluis.com\/en\/program\/","title":{"rendered":"Programme"},"content":{"rendered":"<p>[et_pb_section fb_built=&#8221;1&#8243; fullwidth=&#8221;on&#8221; _builder_version=&#8221;4.25.2&#8243; _module_preset=&#8221;default&#8221; background_image=&#8221;https:\/\/educando.frayluis.com\/wp-content\/uploads\/2024\/03\/Presentacion.png&#8221; global_colors_info=&#8221;{}&#8221;][et_pb_fullwidth_image alt=&#8221;schedule&#8221; title_text=&#8221;Schedule&#8221; _builder_version=&#8221;4.25.2&#8243; _module_preset=&#8221;default&#8221; background_color=&#8221;rgba(244,125,56,0.27)&#8221; background_enable_image=&#8221;off&#8221; custom_margin=&#8221;0px||0px||false|false&#8221; custom_padding=&#8221;200px||||false|false&#8221; global_colors_info=&#8221;{}&#8221;][\/et_pb_fullwidth_image][\/et_pb_section][et_pb_section fb_built=&#8221;1&#8243; _builder_version=&#8221;4.25.2&#8243; _module_preset=&#8221;default&#8221; min_height=&#8221;20px&#8221; custom_margin=&#8221;||-14px|||&#8221; custom_padding=&#8221;3px||0px|||&#8221; global_colors_info=&#8221;{}&#8221;][et_pb_row column_structure=&#8221;3_5,1_5,1_5&#8243; _builder_version=&#8221;4.27.4&#8243; _module_preset=&#8221;default&#8221; custom_margin=&#8221;|auto|26px|auto||&#8221; custom_padding=&#8221;7px||5px|||&#8221; global_colors_info=&#8221;{}&#8221;][et_pb_column type=&#8221;3_5&#8243; _builder_version=&#8221;4.25.2&#8243; _module_preset=&#8221;default&#8221; global_colors_info=&#8221;{}&#8221;][et_pb_text _builder_version=&#8221;4.25.2&#8243; _module_preset=&#8221;cfc032ee-378f-4497-aa68-9d3e1dd372e0&#8243; text_font=&#8221;|700|||||||&#8221; text_text_color=&#8221;#000000&#8243; header_5_font=&#8221;||||on|||#E02B20|&#8221; background_color=&#8221;#FFFFFF&#8221; text_orientation=&#8221;left&#8221; module_alignment=&#8221;right&#8221; height=&#8221;15px&#8221; custom_margin=&#8221;||19px||false|false&#8221; custom_padding=&#8221;5px|||15px|false|false&#8221; module_alignment_tablet=&#8221;right&#8221; module_alignment_phone=&#8221;left&#8221; module_alignment_last_edited=&#8221;on|phone&#8221; border_color_all=&#8221;#FFFFFF&#8221; global_colors_info=&#8221;{}&#8221;]<\/p>\n<h1 style=\"text-align: right;\"><strong>PROGRAMME<\/strong><\/h1>\n<h1 style=\"text-align: center;\"><strong>        <span style=\"color: #ff0000;\"> <\/span><\/strong><\/h1>\n<p>[\/et_pb_text][\/et_pb_column][et_pb_column type=&#8221;1_5&#8243; _builder_version=&#8221;4.25.2&#8243; _module_preset=&#8221;default&#8221; global_colors_info=&#8221;{}&#8221;][et_pb_text _builder_version=&#8221;4.27.4&#8243; _module_preset=&#8221;default&#8221; text_font_size=&#8221;14px&#8221; text_line_height=&#8221;1.4em&#8221; custom_margin=&#8221;16px||0px||false|false&#8221; link_option_url=&#8221;\/web\/wp-admin\/images\/programa\/programa_ES.pdf&#8221; hover_enabled=&#8221;0&#8243; global_colors_info=&#8221;{}&#8221; sticky_enabled=&#8221;0&#8243;]<\/p>\n<p style=\"text-align: right;\"><strong><a href=\"https:\/\/educando.frayluis.com\/wp-content\/uploads\/2025\/05\/Programa-congreso_Educar-merece-la-pena-1.pdf\" title=\"program_2026\"><span style=\"text-decoration: underline;\"><span style=\"color: #ff0000; text-decoration: underline;\">program ES pdf <\/span><\/span><\/a><span style=\"color: #ff0000;\">  <\/span><\/strong><\/p>\n<p>[\/et_pb_text][\/et_pb_column][et_pb_column type=&#8221;1_5&#8243; _builder_version=&#8221;4.27.4&#8243; _module_preset=&#8221;default&#8221; global_colors_info=&#8221;{}&#8221;][et_pb_text _builder_version=&#8221;4.27.4&#8243; _module_preset=&#8221;default&#8221; text_font_size=&#8221;14px&#8221; text_line_height=&#8221;1.4em&#8221; custom_margin=&#8221;16px||0px||false|false&#8221; link_option_url=&#8221;\/web\/wp-admin\/images\/programa\/programme_EN.pdf&#8221; global_colors_info=&#8221;{}&#8221;]<\/p>\n<p><strong><a href=\"https:\/\/educando.frayluis.com\/wp-content\/uploads\/2025\/05\/Programa-congreso_Educar-merece-la-pena-1.pdf\" title=\"program_2026\"><span style=\"text-decoration: underline;\"><span style=\"color: #ff0000; text-decoration: underline;\">program EN pdf  <\/span><\/span><\/a><span style=\"color: #ff0000;\">  <\/span><\/strong><\/p>\n<p>[\/et_pb_text][\/et_pb_column][\/et_pb_row][\/et_pb_section][et_pb_section fb_built=&#8221;1&#8243; _builder_version=&#8221;4.25.2&#8243; _module_preset=&#8221;default&#8221; background_color=&#8221;#FFFFFF&#8221; background_image=&#8221;https:\/\/educando.frayluis.com\/wp-content\/uploads\/2024\/02\/pencils-1-e1709569258901.png&#8221; background_size=&#8221;contain&#8221; background_position=&#8221;top_left&#8221; custom_margin=&#8221;0px||0px|0px|false|false&#8221; custom_padding=&#8221;0px||0px|0px|false|false&#8221; background_last_edited=&#8221;on|desktop&#8221; background_enable_image_phone=&#8221;off&#8221; custom_css_main_element=&#8221;display: flex;||overflow-y:scroll !important;&#8221; global_colors_info=&#8221;{}&#8221;][et_pb_row use_custom_gutter=&#8221;on&#8221; gutter_width=&#8221;1&#8243; _builder_version=&#8221;4.25.2&#8243; _module_preset=&#8221;default&#8221; background_enable_image=&#8221;off&#8221; background_size=&#8221;contain&#8221; background_position=&#8221;top_left&#8221; width_tablet=&#8221;&#8221; width_phone=&#8221;100%&#8221; width_last_edited=&#8221;on|phone&#8221; max_width=&#8221;80%&#8221; max_width_tablet=&#8221;80%&#8221; max_width_phone=&#8221;100%&#8221; max_width_last_edited=&#8221;on|phone&#8221; module_alignment=&#8221;right&#8221; custom_margin=&#8221;9px|auto||-21px|false|false&#8221; custom_margin_tablet=&#8221;9px|||0px|false|false&#8221; custom_margin_phone=&#8221;51px||0px|0px|false|false&#8221; custom_margin_last_edited=&#8221;on|phone&#8221; custom_padding=&#8221;0px||0px|0px|false|false&#8221; custom_css_main_element=&#8221;display:flex !important;||flex-wrap: nowrap;&#8221; global_colors_info=&#8221;{}&#8221;][et_pb_column type=&#8221;4_4&#8243; _builder_version=&#8221;4.24.0&#8243; _module_preset=&#8221;default&#8221; global_colors_info=&#8221;{}&#8221;][et_pb_text _builder_version=&#8221;4.25.2&#8243; _module_preset=&#8221;cfc032ee-378f-4497-aa68-9d3e1dd372e0&#8243; text_font=&#8221;|700|||||||&#8221; text_text_color=&#8221;#000000&#8243; background_color=&#8221;#f9806b&#8221; text_orientation=&#8221;left&#8221; module_alignment=&#8221;right&#8221; custom_margin=&#8221;-9px||0px||false|false&#8221; custom_padding=&#8221;5px|||15px|false|false&#8221; module_alignment_tablet=&#8221;right&#8221; module_alignment_phone=&#8221;left&#8221; module_alignment_last_edited=&#8221;on|phone&#8221; global_colors_info=&#8221;{}&#8221;]<\/p>\n<p>Friday, February 6, 2026<\/p>\n<p>[\/et_pb_text][et_pb_text _builder_version=&#8221;4.24.2&#8243; _module_preset=&#8221;a5d589ba-7fde-4637-a047-9930e86cda69&#8243; text_line_height=&#8221;1.4em&#8221; custom_padding=&#8221;5px|||15px|false|false&#8221; text_font_size_tablet=&#8221;&#8221; text_font_size_phone=&#8221;11px&#8221; text_font_size_last_edited=&#8221;on|phone&#8221; global_colors_info=&#8221;{}&#8221;]<\/p>\n<p style=\"text-align: left;\"><strong>20:00h Reception<\/strong><\/p>\n<p>[\/et_pb_text][et_pb_text _builder_version=&#8221;4.24.2&#8243; _module_preset=&#8221;a5d589ba-7fde-4637-a047-9930e86cda69&#8243; custom_padding=&#8221;5px|||15px|false|false&#8221; global_colors_info=&#8221;{}&#8221;]<\/p>\n<p style=\"text-align: left;\"><strong>20:45h <\/strong>Dinner<\/p>\n<p>[\/et_pb_text][et_pb_text _builder_version=&#8221;4.24.2&#8243; _module_preset=&#8221;a5d589ba-7fde-4637-a047-9930e86cda69&#8243; custom_padding=&#8221;5px|||15px|false|false&#8221; global_colors_info=&#8221;{}&#8221;]<\/p>\n<p style=\"text-align: left;\"><strong>22:00h <\/strong>Tour<\/p>\n<p>[\/et_pb_text][et_pb_text _builder_version=&#8221;4.25.2&#8243; _module_preset=&#8221;cfc032ee-378f-4497-aa68-9d3e1dd372e0&#8243; text_font=&#8221;|700|||||||&#8221; text_text_color=&#8221;#000000&#8243; background_color=&#8221;#f9806b&#8221; text_orientation=&#8221;left&#8221; custom_padding=&#8221;5px|||15px|false|false&#8221; global_colors_info=&#8221;{}&#8221;]<\/p>\n<p>Saturday, <span style=\"font-size: 14px;\">February 7, 2026<\/span><\/p>\n<p>[\/et_pb_text][et_pb_text _builder_version=&#8221;4.25.2&#8243; _module_preset=&#8221;a5d589ba-7fde-4637-a047-9930e86cda69&#8243; text_line_height=&#8221;1.4em&#8221; text_orientation=&#8221;left&#8221; height=&#8221;120px&#8221; height_tablet=&#8221;156px&#8221; height_phone=&#8221;200px&#8221; height_last_edited=&#8221;on|phone&#8221; max_height_tablet=&#8221;&#8221; max_height_phone=&#8221;200px&#8221; max_height_last_edited=&#8221;on|phone&#8221; custom_padding=&#8221;5px||1px|15px|false|false&#8221; global_colors_info=&#8221;{}&#8221;]<\/p>\n<p><strong>  9:30 a.m. Inauguration<\/strong><\/p>\n<p style=\"text-align: justify; padding-left: 80px;\">Excellency and Rev. Mr. D. Luis Javier Arg\u00fcello, Archbishop of Valladolid and President of the Spanish Episcopal Conference<br \/>Magfca. and Excma. Prof. Dr. Ms M\u00aa del Rosario S\u00e1ez Yuguero, Rector of the Catholic University of Avila<br \/>Ilma. Ms. M\u00aa Carmen Madrid, Director of EUM Fray Luis de Le\u00f3n, Valladolid<\/p>\n<p style=\"padding-left: 40px;\">\n<p>[\/et_pb_text][et_pb_text _builder_version=&#8221;4.25.2&#8243; _module_preset=&#8221;a5d589ba-7fde-4637-a047-9930e86cda69&#8243; text_line_height=&#8221;2em&#8221; text_orientation=&#8221;left&#8221; height=&#8221;120px&#8221; height_tablet=&#8221;100px&#8221; height_phone=&#8221;150px&#8221; height_last_edited=&#8221;on|phone&#8221; custom_margin=&#8221;1px||0px||false|false&#8221; custom_padding=&#8221;5px|||15px|false|false&#8221; global_colors_info=&#8221;{}&#8221;]<\/p>\n<p><strong>  9:45 a.m. Opening conference<\/strong><\/p>\n<p style=\"padding-left: 80px;\"><strong><em>The suicide of the West. The renunciation of the transmission of knowledge <\/em><\/strong><br \/>Ms Alicia Delibes Liniers, Former Vice-Minister of Education of the Community of Madrid<\/p>\n<p style=\"padding-left: 80px;\">\n<p>[\/et_pb_text][et_pb_text _builder_version=&#8221;4.24.2&#8243; _module_preset=&#8221;a5d589ba-7fde-4637-a047-9930e86cda69&#8243; custom_margin=&#8221;-2px||-2px||false|false&#8221; custom_padding=&#8221;5px||0px|15px|false|false&#8221; global_colors_info=&#8221;{}&#8221;]<\/p>\n<p style=\"text-align: left;\"><strong>11:00 h <\/strong>Coffee-break<\/p>\n<p>[\/et_pb_text][et_pb_text _builder_version=&#8221;4.25.2&#8243; _module_preset=&#8221;a5d589ba-7fde-4637-a047-9930e86cda69&#8243; text_line_height=&#8221;1.4em&#8221; text_orientation=&#8221;left&#8221; height=&#8221;100px&#8221; height_tablet=&#8221;100px&#8221; height_phone=&#8221;125px&#8221; height_last_edited=&#8221;on|phone&#8221; custom_padding=&#8221;0px||0px|15px|false|false&#8221; global_colors_info=&#8221;{}&#8221;]<\/p>\n<p><strong>11:30 a.m. Counications<\/strong><\/p>\n<p style=\"padding-left: 80px;\">[\/et_pb_text][et_pb_text _builder_version=&#8221;4.24.2&#8243; _module_preset=&#8221;a5d589ba-7fde-4637-a047-9930e86cda69&#8243; custom_padding=&#8221;5px|||15px|false|false&#8221; global_colors_info=&#8221;{}&#8221;]<\/p>\n<p style=\"text-align: left;\"><strong>13:00 h Holy Mass<\/strong><\/p>\n<p>[\/et_pb_text][et_pb_text _builder_version=&#8221;4.24.2&#8243; _module_preset=&#8221;a5d589ba-7fde-4637-a047-9930e86cda69&#8243; custom_padding=&#8221;6px|||15px|false|false&#8221; global_colors_info=&#8221;{}&#8221;]<\/p>\n<p style=\"text-align: left;\"><strong>14:00 h Lunch<\/strong><\/p>\n<p>[\/et_pb_text][et_pb_text _builder_version=&#8221;4.25.2&#8243; _module_preset=&#8221;a5d589ba-7fde-4637-a047-9930e86cda69&#8243; text_line_height=&#8221;1.4em&#8221; header_font=&#8221;|||on|||||&#8221; header_font_size=&#8221;33px&#8221; text_orientation=&#8221;left&#8221; height=&#8221;175px&#8221; height_tablet=&#8221;140px&#8221; height_phone=&#8221;240px&#8221; height_last_edited=&#8221;on|phone&#8221; custom_padding=&#8221;8px||3px|15px|false|false&#8221; text_line_height_tablet=&#8221;1.4em&#8221; text_line_height_phone=&#8221;1.2em&#8221; text_line_height_last_edited=&#8221;on|phone&#8221; module_alignment_tablet=&#8221;&#8221; module_alignment_phone=&#8221;&#8221; module_alignment_last_edited=&#8221;on|phone&#8221; global_colors_info=&#8221;{}&#8221;]<\/p>\n<p><strong>4:30 p.m. Round table &#8211; Literary training for teachers, an impossibility or a hope in the digital era?<\/strong><\/p>\n<p style=\"padding-left: 80px;\">Moderator: Ilmo. Mr. Prof. Dr. Fernando Javier Romera Gal\u00e1n (Dean of the Faculty of Humanities and Education,<br \/>Universidad Cat\u00f3lica de \u00c1vila)<\/p>\n<p style=\"padding-left: 80px;\">Prof. Dr. Ms M\u00aa Consolaci\u00f3n Isart (Catholic University of<br \/>Valencia)<br \/>Mr. Miguel Sanmart\u00edn (Writer and jurist). Miguel Sanmart\u00edn (Writer and lawyer)<\/p>\n<p style=\"padding-left: 40px;\">[\/et_pb_text][et_pb_text _builder_version=&#8221;4.25.2&#8243; _module_preset=&#8221;a5d589ba-7fde-4637-a047-9930e86cda69&#8243; text_orientation=&#8221;left&#8221; height=&#8221;119px&#8221; height_tablet=&#8221;66px&#8221; height_phone=&#8221;40px&#8221; height_last_edited=&#8221;on|desktop&#8221; custom_margin=&#8221;1px||0px||false|false&#8221; custom_padding=&#8221;12px||0px|15px|false|false&#8221; global_colors_info=&#8221;{}&#8221;]<\/p>\n<p><strong>18:30 h Plenary Conference<\/strong><\/p>\n<p style=\"padding-left: 80px;\"><em><strong>The school has a remedy<\/strong><\/em><\/p>\n<p style=\"padding-left: 80px;\">Prof. Dr. D. Jos\u00e9 Mar\u00eda Barrio (Complutense University of Madrid)<\/p>\n<p>[\/et_pb_text][et_pb_text _builder_version=&#8221;4.25.2&#8243; _module_preset=&#8221;a5d589ba-7fde-4637-a047-9930e86cda69&#8243; height=&#8221;66px&#8221; height_tablet=&#8221;66px&#8221; height_phone=&#8221;40px&#8221; height_last_edited=&#8221;on|desktop&#8221; custom_margin=&#8221;1px||0px||false|false&#8221; custom_padding=&#8221;5px||0px|15px|false|false&#8221; global_colors_info=&#8221;{}&#8221;]<\/p>\n<p style=\"text-align: left;\"><strong>19:30 h Communications<\/strong><\/p>\n<p>[\/et_pb_text][et_pb_text _builder_version=&#8221;4.24.2&#8243; _module_preset=&#8221;a5d589ba-7fde-4637-a047-9930e86cda69&#8243; custom_margin=&#8221;0px||0px||false|false&#8221; custom_padding=&#8221;5px|||15px|false|false&#8221; global_colors_info=&#8221;{}&#8221;]<\/p>\n<p style=\"text-align: left;\"><strong>20:45h <\/strong>Dinner<\/p>\n<p>[\/et_pb_text][et_pb_text _builder_version=&#8221;4.24.0&#8243; _module_preset=&#8221;a5d589ba-7fde-4637-a047-9930e86cda69&#8243; custom_padding=&#8221;5px|||15px|false|false&#8221; global_colors_info=&#8221;{}&#8221;]<\/p>\n<p style=\"text-align: left;\"><strong>22:00h <\/strong>Cultural event<\/p>\n<p>[\/et_pb_text][et_pb_text _builder_version=&#8221;4.25.2&#8243; _module_preset=&#8221;cfc032ee-378f-4497-aa68-9d3e1dd372e0&#8243; text_font=&#8221;|700|||||||&#8221; text_text_color=&#8221;#000000&#8243; background_color=&#8221;#f9806b&#8221; text_orientation=&#8221;left&#8221; custom_padding=&#8221;10px||0px|15px|false|false&#8221; global_colors_info=&#8221;{}&#8221;]<\/p>\n<p>Sunday, February 8, 2026<\/p>\n<p>[\/et_pb_text][et_pb_text _builder_version=&#8221;4.25.2&#8243; _module_preset=&#8221;a5d589ba-7fde-4637-a047-9930e86cda69&#8243; custom_padding=&#8221;5px|||15px|false|false&#8221; global_colors_info=&#8221;{}&#8221;]<\/p>\n<p style=\"text-align: left;\"><strong>8:00 h Holy Mass<\/strong><\/p>\n<p>[\/et_pb_text][et_pb_text _builder_version=&#8221;4.25.2&#8243; _module_preset=&#8221;a5d589ba-7fde-4637-a047-9930e86cda69&#8243; text_line_height=&#8221;1.4em&#8221; text_orientation=&#8221;left&#8221; height=&#8221;100px&#8221; custom_padding=&#8221;5px|||15px|false|false&#8221; global_colors_info=&#8221;{}&#8221;]<\/p>\n<p><strong>9:30 h <\/strong><strong>Closing Conference &#8211; The school, between the good and the new<\/strong><\/p>\n<p style=\"padding-left: 80px;\">  Prof. Dr. D. Gregorio Luri (Teacher, philosopher, educator and writer)<\/p>\n<p>&nbsp;<\/p>\n<p>[\/et_pb_text][et_pb_text _builder_version=&#8221;4.25.2&#8243; _module_preset=&#8221;a5d589ba-7fde-4637-a047-9930e86cda69&#8243; text_line_height=&#8221;1.4em&#8221; text_orientation=&#8221;left&#8221; height=&#8221;140px&#8221; height_tablet=&#8221;100px&#8221; height_phone=&#8221;230px&#8221; height_last_edited=&#8221;on|phone&#8221; custom_padding=&#8221;21px|||15px|false|false&#8221; global_colors_info=&#8221;{}&#8221;]<\/p>\n<p><strong>10:45 a.m. Round table &#8211; Teacher-student relationship, a question of opposition or of family?<\/strong><\/p>\n<p style=\"padding-left: 80px;\">MODERATOR: Prof. Dra. Ms Beatriz de Ancos Morales (Universidad Cat\u00f3lica de Valencia)<br \/>Prof. Dra. Ms Ana Risco L\u00e1zaro (Catholic University of Valencia)<br \/><span>Prof. Dr. Ms Tania Alonso Sainz (Universidad Complutense de Madrid)<\/span><\/p>\n<p>[\/et_pb_text][et_pb_text _builder_version=&#8221;4.24.2&#8243; _module_preset=&#8221;a5d589ba-7fde-4637-a047-9930e86cda69&#8243; height=&#8221;66px&#8221; custom_margin=&#8221;0px||0px||false|false&#8221; custom_padding=&#8221;6px||0px|15px|false|false&#8221; global_colors_info=&#8221;{}&#8221;]<\/p>\n<p style=\"text-align: left;\"><strong>1:00 p.m. Communications<\/strong><\/p>\n<p>[\/et_pb_text][et_pb_text _builder_version=&#8221;4.25.2&#8243; _module_preset=&#8221;a5d589ba-7fde-4637-a047-9930e86cda69&#8243; text_line_height=&#8221;1.4em&#8221; text_orientation=&#8221;left&#8221; height=&#8221;75px&#8221; height_tablet=&#8221;75px&#8221; height_phone=&#8221;100px&#8221; height_last_edited=&#8221;on|phone&#8221; custom_padding=&#8221;4px|||15px|false|false&#8221; global_colors_info=&#8221;{}&#8221;]<\/p>\n<p><strong>2:00 p.m. Closing<\/strong><\/p>\n<p style=\"padding-left: 80px;\">Ilmo. Mr. Prof. Dr. D. \u00c1lvaro Ant\u00f3n Sancho, Academic Secretary of EUM Fray Luis de Le\u00f3n (Valladolid)<\/p>\n<p>[\/et_pb_text][et_pb_text _builder_version=&#8221;4.24.2&#8243; _module_preset=&#8221;a5d589ba-7fde-4637-a047-9930e86cda69&#8243; custom_padding=&#8221;4px|||15px|false|false&#8221; global_colors_info=&#8221;{}&#8221;]<\/p>\n<p style=\"text-align: left;\"><strong>14:30 h Lunch<\/strong><\/p>\n<p>[\/et_pb_text][et_pb_text _builder_version=&#8221;4.24.2&#8243; _module_preset=&#8221;default&#8221; custom_padding=&#8221;||79px||false|false&#8221; global_colors_info=&#8221;{}&#8221;][\/et_pb_text][\/et_pb_column][\/et_pb_row][\/et_pb_section][et_pb_section fb_built=&#8221;1&#8243; admin_label=&#8221;Footer&#8221; _builder_version=&#8221;4.24.3&#8243; _module_preset=&#8221;default&#8221; background_color=&#8221;#000000&#8243; custom_margin=&#8221;||||false|false&#8221; global_module=&#8221;527&#8243; saved_tabs=&#8221;all&#8221; global_colors_info=&#8221;{}&#8221;][et_pb_row column_structure=&#8221;1_4,1_4,1_4,1_4&#8243; use_custom_gutter=&#8221;on&#8221; gutter_width=&#8221;1&#8243; make_equal=&#8221;on&#8221; _builder_version=&#8221;4.24.2&#8243; _module_preset=&#8221;default&#8221; max_width=&#8221;1440px&#8221; custom_margin=&#8221;-80px||||false|false&#8221; custom_padding=&#8221;0px||0px||false|false&#8221; global_colors_info=&#8221;{}&#8221;][et_pb_column type=&#8221;1_4&#8243; _builder_version=&#8221;4.24.2&#8243; _module_preset=&#8221;default&#8221; background_color=&#8221;#F0B800&#8243; background_image=&#8221;https:\/\/educando.frayluis.com\/wp-content\/uploads\/2024\/02\/high-school_17.png&#8221; background_size=&#8221;initial&#8221; background_position=&#8221;top_right&#8221; background_repeat=&#8221;repeat-y&#8221; custom_padding=&#8221;0px|0px|0px|0px|true|false&#8221; custom_padding_tablet=&#8221;40px||40px||true|false&#8221; custom_padding_phone=&#8221;30px|20px|30px|20px|true|true&#8221; custom_padding_last_edited=&#8221;off|desktop&#8221; global_colors_info=&#8221;{}&#8221;][et_pb_text _builder_version=&#8221;4.24.3&#8243; _module_preset=&#8221;5c989a74-8649-4b9a-a4a2-6d2b8ae2551c&#8221; text_text_color=&#8221;#E02B20&#8243; text_font_size=&#8221;16px&#8221; header_text_color=&#8221;#000000&#8243; header_4_font=&#8221;Roboto|700||on|||||&#8221; header_4_text_color=&#8221;rgba(255,255,255,0.5)&#8221; header_4_font_size=&#8221;12px&#8221; header_4_letter_spacing=&#8221;3px&#8221; header_4_line_height=&#8221;1.5em&#8221; custom_margin=&#8221;20px||0px||false|false&#8221; custom_margin_tablet=&#8221;30px||||false|false&#8221; custom_margin_phone=&#8221;20px||||false|false&#8221; custom_margin_last_edited=&#8221;off|desktop&#8221; custom_padding=&#8221;20px|||20px|false|false&#8221; locked=&#8221;off&#8221; global_colors_info=&#8221;{}&#8221;]<\/p>\n<h4><span style=\"color: #ffffff;\">Office hours <\/span><\/h4>\n<p>[\/et_pb_text][et_pb_text _builder_version=&#8221;4.24.2&#8243; _module_preset=&#8221;c2a3d585-c259-4e5a-8faa-710c0e634348&#8243; text_font=&#8221;Roboto|500|||||||&#8221; text_text_color=&#8221;#000000&#8243; text_font_size=&#8221;16px&#8221; text_line_height=&#8221;1.6em&#8221; header_5_text_color=&#8221;#FFFFFF&#8221; header_5_line_height=&#8221;1.8em&#8221; custom_padding=&#8221;20px||20px|20px|false|false&#8221; text_font_size_tablet=&#8221;15px&#8221; text_font_size_phone=&#8221;14px&#8221; text_font_size_last_edited=&#8221;on|desktop&#8221; header_font_size_tablet=&#8221;55px&#8221; header_font_size_last_edited=&#8221;off|desktop&#8221; locked=&#8221;off&#8221; global_colors_info=&#8221;{}&#8221;]<\/p>\n<p>Monday to Friday from 8:00 a.m. to 8:00 p.m.<\/p>\n<p>[\/et_pb_text][\/et_pb_column][et_pb_column type=&#8221;1_4&#8243; _builder_version=&#8221;4.24.2&#8243; _module_preset=&#8221;default&#8221; background_color=&#8221;#F77E98&#8243; background_image=&#8221;https:\/\/educando.frayluis.com\/wp-content\/uploads\/2024\/02\/high-school_17.png&#8221; background_size=&#8221;initial&#8221; background_position=&#8221;top_right&#8221; background_repeat=&#8221;repeat-y&#8221; custom_padding=&#8221;40px|40px|40px|20px|true|false&#8221; global_colors_info=&#8221;{}&#8221;][et_pb_text _builder_version=&#8221;4.24.3&#8243; _module_preset=&#8221;5c989a74-8649-4b9a-a4a2-6d2b8ae2551c&#8221; text_font_size=&#8221;17px&#8221; header_4_font=&#8221;Roboto|700||on|||||&#8221; header_4_text_color=&#8221;rgba(255,255,255,0.5)&#8221; header_4_font_size=&#8221;12px&#8221; header_4_letter_spacing=&#8221;3px&#8221; header_4_line_height=&#8221;1.5em&#8221; background_layout=&#8221;dark&#8221; custom_margin=&#8221;||-34px||false|false&#8221; custom_padding=&#8221;1px||20px|20px|false|false&#8221; locked=&#8221;off&#8221; global_colors_info=&#8221;{}&#8221;]<\/p>\n<h4><span style=\"color: #ffffff;\">Address<\/span><\/h4>\n<p>[\/et_pb_text][et_pb_text _builder_version=&#8221;4.24.3&#8243; _module_preset=&#8221;c2a3d585-c259-4e5a-8faa-710c0e634348&#8243; text_font=&#8221;Roboto|500|||||||&#8221; text_text_color=&#8221;#000000&#8243; text_font_size=&#8221;16px&#8221; text_line_height=&#8221;1em&#8221; header_text_color=&#8221;#000000&#8243; header_5_text_color=&#8221;#FFFFFF&#8221; header_5_line_height=&#8221;1.8em&#8221; custom_margin=&#8221;-13px||-35px||false|false&#8221; custom_padding=&#8221;20px||20px||false|false&#8221; text_font_size_tablet=&#8221;15px&#8221; text_font_size_phone=&#8221;14px&#8221; text_font_size_last_edited=&#8221;on|desktop&#8221; header_font_size_tablet=&#8221;55px&#8221; header_font_size_last_edited=&#8221;off|desktop&#8221; locked=&#8221;off&#8221; global_colors_info=&#8221;{}&#8221;]<\/p>\n<p>Tirso de Molina 44<\/p>\n<p>47010 Valladolid<\/p>\n<p>Spain<\/p>\n<p>[\/et_pb_text][\/et_pb_column][et_pb_column type=&#8221;1_4&#8243; _builder_version=&#8221;4.24.2&#8243; _module_preset=&#8221;default&#8221; background_color=&#8221;#0DA0C5&#8243; background_image=&#8221;https:\/\/educando.frayluis.com\/wp-content\/uploads\/2024\/02\/high-school_17.png&#8221; background_size=&#8221;initial&#8221; background_position=&#8221;top_right&#8221; background_repeat=&#8221;repeat-y&#8221; custom_padding=&#8221;0px|0px|0px|0px|true|false&#8221; global_colors_info=&#8221;{}&#8221;][et_pb_text _builder_version=&#8221;4.24.3&#8243; _module_preset=&#8221;5c989a74-8649-4b9a-a4a2-6d2b8ae2551c&#8221; text_font_size=&#8221;17px&#8221; header_4_font=&#8221;Roboto|700||on|||||&#8221; header_4_text_color=&#8221;rgba(255,255,255,0.5)&#8221; header_4_font_size=&#8221;12px&#8221; header_4_letter_spacing=&#8221;3px&#8221; header_4_line_height=&#8221;1.5em&#8221; background_layout=&#8221;dark&#8221; custom_margin=&#8221;||-34px||false|false&#8221; custom_padding=&#8221;40px||20px|20px|false|false&#8221; locked=&#8221;off&#8221; global_colors_info=&#8221;{}&#8221;]<\/p>\n<h4><span style=\"color: #ffffff;\">Contact email<\/span><\/h4>\n<p>[\/et_pb_text][et_pb_text admin_label=&#8221;Texto&#8221; _builder_version=&#8221;4.24.2&#8243; _module_preset=&#8221;c2a3d585-c259-4e5a-8faa-710c0e634348&#8243; text_font=&#8221;Roboto|500|||||||&#8221; text_text_color=&#8221;#000000&#8243; text_font_size=&#8221;16px&#8221; text_line_height=&#8221;1.6em&#8221; link_text_color=&#8221;#FFFFFF&#8221; header_text_color=&#8221;#000000&#8243; header_5_text_color=&#8221;#FFFFFF&#8221; header_5_line_height=&#8221;1.8em&#8221; custom_margin=&#8221;20px||||false|false&#8221; custom_padding=&#8221;20px||20px|2px|false|false&#8221; text_font_size_tablet=&#8221;15px&#8221; text_font_size_phone=&#8221;14px&#8221; text_font_size_last_edited=&#8221;on|desktop&#8221; header_font_size_tablet=&#8221;55px&#8221; header_font_size_last_edited=&#8221;off|desktop&#8221; locked=&#8221;off&#8221; global_colors_info=&#8221;{}&#8221;]<\/p>\n<p style=\"text-align: center;\">educando@frayluis.com<\/p>\n<p>[\/et_pb_text][\/et_pb_column][et_pb_column type=&#8221;1_4&#8243; _builder_version=&#8221;4.24.2&#8243; _module_preset=&#8221;default&#8221; background_color=&#8221;#36A6A6&#8243; background_image=&#8221;https:\/\/educando.frayluis.com\/wp-content\/uploads\/2024\/02\/high-school_17.png&#8221; background_size=&#8221;initial&#8221; background_position=&#8221;top_right&#8221; background_repeat=&#8221;repeat-y&#8221; custom_padding=&#8221;20px|20px|20px|20px|true|false&#8221; global_colors_info=&#8221;{}&#8221;][et_pb_text _builder_version=&#8221;4.24.3&#8243; _module_preset=&#8221;5c989a74-8649-4b9a-a4a2-6d2b8ae2551c&#8221; text_text_color=&#8221;#FFFFFF&#8221; header_4_font=&#8221;Roboto|700||on|||||&#8221; header_4_text_color=&#8221;rgba(255,255,255,0.5)&#8221; header_4_font_size=&#8221;12px&#8221; header_4_letter_spacing=&#8221;3px&#8221; header_4_line_height=&#8221;1.5em&#8221; custom_margin=&#8221;||0px||false|false&#8221; custom_margin_last_edited=&#8221;off|desktop&#8221; custom_padding=&#8221;20px||0px|20px|false|false&#8221; locked=&#8221;off&#8221; global_colors_info=&#8221;{}&#8221;]<\/p>\n<h4><span style=\"color: #ffffff;\">Contact phone<\/span><\/h4>\n<p>[\/et_pb_text][et_pb_text _builder_version=&#8221;4.24.3&#8243; _module_preset=&#8221;c2a3d585-c259-4e5a-8faa-710c0e634348&#8243; text_font=&#8221;Roboto|500|||||||&#8221; text_text_color=&#8221;#000000&#8243; text_font_size=&#8221;16px&#8221; text_line_height=&#8221;1.6em&#8221; link_text_color=&#8221;#FFFFFF&#8221; header_5_text_color=&#8221;#FFFFFF&#8221; header_5_line_height=&#8221;1.8em&#8221; custom_padding=&#8221;20px||||false|false&#8221; text_font_size_tablet=&#8221;15px&#8221; text_font_size_phone=&#8221;14px&#8221; text_font_size_last_edited=&#8221;on|desktop&#8221; header_font_size_tablet=&#8221;55px&#8221; header_font_size_last_edited=&#8221;off|desktop&#8221; locked=&#8221;off&#8221; global_colors_info=&#8221;{}&#8221;]<\/p>\n<p style=\"text-align: center;\"><strong>697505646<\/strong><\/p>\n<p>[\/et_pb_text][\/et_pb_column][\/et_pb_row][et_pb_row column_structure=&#8221;1_5,1_5,1_5,1_5,1_5&#8243; use_custom_gutter=&#8221;on&#8221; gutter_width=&#8221;1&#8243; _builder_version=&#8221;4.24.2&#8243; _module_preset=&#8221;default&#8221; width=&#8221;100%&#8221; max_width=&#8221;100%&#8221; custom_margin=&#8221;-4px|auto||auto||&#8221; custom_padding=&#8221;|5px||5px|false|false&#8221; global_colors_info=&#8221;{}&#8221;][et_pb_column type=&#8221;1_5&#8243; _builder_version=&#8221;4.16&#8243; _module_preset=&#8221;default&#8221; global_colors_info=&#8221;{}&#8221;][et_pb_image src=&#8221;https:\/\/educando.frayluis.com\/wp-content\/uploads\/2024\/03\/01-Logomarca-UCAV-blanco-rojo-e1709988741369.png&#8221; alt=&#8221;logo_UCAVILA&#8221; title_text=&#8221;01 &#8211; UCAV logo &#8211; white red&#8221; align=&#8221;center&#8221; _builder_version=&#8221;4.24.2&#8243; _module_preset=&#8221;default&#8221; max_height=&#8221;189px&#8221; global_colors_info=&#8221;{}&#8221;][\/et_pb_image][\/et_pb_column][et_pb_column type=&#8221;1_5&#8243; _builder_version=&#8221;4.16&#8243; _module_preset=&#8221;default&#8221; global_colors_info=&#8221;{}&#8221;][et_pb_image src=&#8221;https:\/\/educando.frayluis.com\/wp-content\/uploads\/2024\/03\/logoalbino2-e1709988777423.png&#8221; alt=&#8221;logo_FrayLuis&#8221; title_text=&#8221;logoalbino2&#8243; align=&#8221;center&#8221; _builder_version=&#8221;4.24.2&#8243; _module_preset=&#8221;default&#8221; global_colors_info=&#8221;{}&#8221;][\/et_pb_image][\/et_pb_column][et_pb_column type=&#8221;1_5&#8243; _builder_version=&#8221;4.16&#8243; _module_preset=&#8221;default&#8221; global_colors_info=&#8221;{}&#8221;][et_pb_image src=&#8221;https:\/\/educando.frayluis.com\/wp-content\/uploads\/2024\/04\/educando-2-e1713108193707.png&#8221; title_text=&#8221;educando (1)&#8221; align=&#8221;center&#8221; _builder_version=&#8221;4.24.3&#8243; _module_preset=&#8221;default&#8221; custom_margin=&#8221;||2px|||&#8221; global_colors_info=&#8221;{}&#8221;][\/et_pb_image][\/et_pb_column][et_pb_column type=&#8221;1_5&#8243; _builder_version=&#8221;4.16&#8243; _module_preset=&#8221;default&#8221; global_colors_info=&#8221;{}&#8221;][et_pb_image src=&#8221;https:\/\/educando.frayluis.com\/wp-content\/uploads\/2024\/11\/caja-rural-salamanca_1.png&#8221; title_text=&#8221;caja-rural-salamanca_1&#8243; align=&#8221;center&#8221; _builder_version=&#8221;4.25.2&#8243; _module_preset=&#8221;default&#8221; width=&#8221;44.5%&#8221; custom_margin=&#8221;||-82px|||&#8221; custom_padding=&#8221;55px|||||&#8221; global_colors_info=&#8221;{}&#8221;][\/et_pb_image][\/et_pb_column][et_pb_column type=&#8221;1_5&#8243; _builder_version=&#8221;4.16&#8243; _module_preset=&#8221;default&#8221; global_colors_info=&#8221;{}&#8221;][et_pb_image src=&#8221;https:\/\/educando.frayluis.com\/wp-content\/uploads\/2024\/04\/Captura-de-pantalla-2024-04-08-183953.png&#8221; title_text=&#8221;Screenshot 2024-04-08 183953&#8243; align=&#8221;center&#8221; _builder_version=&#8221;4.27.4&#8243; _module_preset=&#8221;default&#8221; width=&#8221;44.5%&#8221; custom_margin=&#8221;||-89px|||&#8221; custom_padding=&#8221;55px|||||&#8221; global_colors_info=&#8221;{}&#8221;][\/et_pb_image][\/et_pb_column][\/et_pb_row][et_pb_row _builder_version=&#8221;4.24.2&#8243; _module_preset=&#8221;default&#8221; width=&#8221;90%&#8221; max_width=&#8221;90%&#8221; custom_padding=&#8221;0px|||||&#8221; global_colors_info=&#8221;{}&#8221;][et_pb_column type=&#8221;4_4&#8243; _builder_version=&#8221;4.24.2&#8243; _module_preset=&#8221;default&#8221; global_colors_info=&#8221;{}&#8221;][et_pb_text _builder_version=&#8221;4.24.3&#8243; _module_preset=&#8221;default&#8221; text_font_size=&#8221;14px&#8221; background_enable_image=&#8221;off&#8221; text_orientation=&#8221;center&#8221; custom_margin=&#8221;4px|||||&#8221; global_colors_info=&#8221;{}&#8221;]<\/p>\n<p><span style=\"color: #00ffff;\"><a href=\"https:\/\/congresoedithsteinavila.es\/wp-content\/uploads\/2022\/11\/Aviso_Legal.pdf\" target=\"_blank\" rel=\"noopener\" style=\"color: #00ffff;\">Legal Notice<\/a> \/ <a href=\"https:\/\/congresoedithsteinavila.es\/wp-content\/uploads\/2022\/11\/PoliticaPrivacidad.pdf\" target=\"_blank\" rel=\"noopener\" style=\"color: #00ffff;\">Privacy Policy<\/a> \/ <a href=\"https:\/\/congresoedithsteinavila.es\/wp-content\/uploads\/2022\/11\/Politica-de-Cookies.pdf\" target=\"_blank\" rel=\"noopener\" style=\"color: #00ffff;\">Cookie Policy<\/a><\/span><\/p>\n<p>[\/et_pb_text][\/et_pb_column][\/et_pb_row][\/et_pb_section]<\/p>\n","protected":false},"excerpt":{"rendered":"<p>PROGRAMME program ES pdf program EN pdf Friday, February 6, 202620:00h Reception20:45h Dinner22:00h TourSaturday, February 7, 2026 9:30 a.m. Inauguration Excellency and Rev. Mr. D. Luis Javier Arg\u00fcello, Archbishop of Valladolid and President of the Spanish Episcopal ConferenceMagfca. and Excma. Prof. Dr. Ms M\u00aa del Rosario S\u00e1ez Yuguero, Rector of the Catholic University of AvilaIlma. [&hellip;]<\/p>\n","protected":false},"author":1,"featured_media":0,"parent":0,"menu_order":0,"comment_status":"closed","ping_status":"closed","template":"","meta":{"_et_pb_use_builder":"on","_et_pb_old_content":"","_et_gb_content_width":"","footnotes":""},"class_list":["post-975","page","type-page","status-publish","hentry"],"aioseo_notices":[],"_links":{"self":[{"href":"https:\/\/educando.frayluis.com\/en\/wp-json\/wp\/v2\/pages\/975","targetHints":{"allow":["GET"]}}],"collection":[{"href":"https:\/\/educando.frayluis.com\/en\/wp-json\/wp\/v2\/pages"}],"about":[{"href":"https:\/\/educando.frayluis.com\/en\/wp-json\/wp\/v2\/types\/page"}],"author":[{"embeddable":true,"href":"https:\/\/educando.frayluis.com\/en\/wp-json\/wp\/v2\/users\/1"}],"replies":[{"embeddable":true,"href":"https:\/\/educando.frayluis.com\/en\/wp-json\/wp\/v2\/comments?post=975"}],"version-history":[{"count":68,"href":"https:\/\/educando.frayluis.com\/en\/wp-json\/wp\/v2\/pages\/975\/revisions"}],"predecessor-version":[{"id":2931,"href":"https:\/\/educando.frayluis.com\/en\/wp-json\/wp\/v2\/pages\/975\/revisions\/2931"}],"wp:attachment":[{"href":"https:\/\/educando.frayluis.com\/en\/wp-json\/wp\/v2\/media?parent=975"}],"curies":[{"name":"wp","href":"https:\/\/api.w.org\/{rel}","templated":true}]}}